{"id":438,"date":"2022-03-19T12:09:25","date_gmt":"2022-03-19T10:09:25","guid":{"rendered":"https:\/\/www.talent.barcelona\/pagina-exemple\/"},"modified":"2025-01-31T10:18:41","modified_gmt":"2025-01-31T08:18:41","slug":"pagina-exemple","status":"publish","type":"page","link":"https:\/\/www.talent.barcelona\/es\/","title":{"rendered":"Inicio"},"content":{"rendered":"<p>[et_pb_section fb_built=\u00bb1&#8243; _builder_version=\u00bb4.27.4&#8243; _module_preset=\u00bbdefault\u00bb background_image=\u00bbhttps:\/\/www.talent.barcelona\/wp-content\/uploads\/2022\/04\/music-stand-up.svg\u00bb background_size=\u00bbcustom\u00bb background_image_height=\u00bb35px\u00bb background_repeat=\u00bbrepeat-x\u00bb custom_margin=\u00bb0px||0px||false|false\u00bb custom_padding=\u00bb0px||0px||false|false\u00bb hover_enabled=\u00bb0&#8243; global_colors_info=\u00bb{}\u00bb disabled_on=\u00bbon|on|on\u00bb disabled=\u00bbon\u00bb sticky_enabled=\u00bb0&#8243;][et_pb_row _builder_version=\u00bb4.16&#8243; _module_preset=\u00bbdefault\u00bb global_colors_info=\u00bb{}\u00bb][et_pb_column type=\u00bb4_4&#8243; _builder_version=\u00bb4.16&#8243; _module_preset=\u00bbdefault\u00bb global_colors_info=\u00bb{}\u00bb][et_pb_code _builder_version=\u00bb4.16&#8243; _module_preset=\u00bbdefault\u00bb global_colors_info=\u00bb{}\u00bb]\u00a0[\/et_pb_code][\/et_pb_column][\/et_pb_row][\/et_pb_section][et_pb_section fb_built=\u00bb1&#8243; admin_label=\u00bbsection\u00bb _builder_version=\u00bb4.16&#8243; custom_margin=\u00bb0px||0px||false|false\u00bb custom_padding=\u00bb0px||0px||false|false\u00bb global_colors_info=\u00bb{}\u00bb][et_pb_row column_structure=\u00bb2_5,3_5&#8243; use_custom_gutter=\u00bbon\u00bb gutter_width=\u00bb1&#8243; make_equal=\u00bbon\u00bb disabled_on=\u00bboff|off|off\u00bb admin_label=\u00bbrow\u00bb _builder_version=\u00bb4.16.0&#8243; background_size=\u00bbinitial\u00bb background_position=\u00bbtop_left\u00bb background_repeat=\u00bbrepeat\u00bb width=\u00bb100%\u00bb max_width=\u00bb100%\u00bb custom_margin=\u00bb0px||0px||false|false\u00bb custom_padding=\u00bb0px||0px||false|false\u00bb global_colors_info=\u00bb{}\u00bb][et_pb_column type=\u00bb2_5&#8243; disabled_on=\u00bbon|on|off\u00bb _builder_version=\u00bb4.16.0&#8243; custom_padding=\u00bb50px||||false|false\u00bb global_colors_info=\u00bb{}\u00bb custom_padding__hover=\u00bb|||\u00bb][et_pb_text admin_label=\u00bbText\u00bb _builder_version=\u00bb4.16.0&#8243; header_font_size=\u00bb50px\u00bb background_size=\u00bbinitial\u00bb background_position=\u00bbtop_left\u00bb background_repeat=\u00bbrepeat\u00bb max_width=\u00bb450px\u00bb module_alignment=\u00bbright\u00bb custom_padding=\u00bb|20px||20px|false|true\u00bb global_colors_info=\u00bb{}\u00bb]<\/p>\n<p>Agencia de representaci\u00f3n de artistas a nivel nacional e internacional, integrada por un equipo de profesionales con experiencia de m\u00e1s de 20 a\u00f1os en el sector de la industria musical.<\/p>\n<p>[\/et_pb_text][\/et_pb_column][et_pb_column type=\u00bb3_5&#8243; _builder_version=\u00bb4.16&#8243; custom_padding=\u00bb|||\u00bb global_colors_info=\u00bb{}\u00bb custom_padding__hover=\u00bb|||\u00bb][et_pb_code _builder_version=\u00bb4.16.0&#8243; _module_preset=\u00bbdefault\u00bb global_colors_info=\u00bb{}\u00bb]\n\t\n\t<div class=\"owl-carousel owl-theme slide_artistes\"><div class=\"item un_artista\">\n\t\t\t\t<div class=\"imatge_artista\"><a href=\"https:\/\/www.talent.barcelona\/es\/artista\/31-fam\/\"><img decoding=\"async\" src=\"https:\/\/www.talent.barcelona\/wp-content\/uploads\/2022\/04\/SANDRA-MONFORT-LA-MONA-DE-NIT-1-BANDIDA-1-min-1.png\"><\/a><\/div><div class=\"descripcio \"><a href=\"https:\/\/www.talent.barcelona\/es\/artista\/31-fam\/\"><div class=\"titol_artista\"><div class=\"nom_artista\"><h3><span>31 FAM<\/span><\/h3><\/div><\/div><\/a><\/div>\n\t\t\t\t\t<\/div><div class=\"item un_artista\">\n\t\t\t\t<div class=\"imatge_artista\"><a href=\"https:\/\/www.talent.barcelona\/es\/artista\/pau-vallve\/\"><img decoding=\"async\" src=\"https:\/\/www.talent.barcelona\/wp-content\/uploads\/2022\/04\/TALENT_Web_ImatgesArtistes_PauVallve.png\"><\/a><\/div><div class=\"descripcio \"><a href=\"https:\/\/www.talent.barcelona\/es\/artista\/pau-vallve\/\"><div class=\"titol_artista\"><div class=\"nom_artista\"><h3><span>Pau Vallv\u00e9<\/span><\/h3><\/div><\/div><\/a><\/div>\n\t\t\t\t\t<\/div><\/div>[\/et_pb_code][et_pb_image src=\u00bbhttps:\/\/www.talent.barcelona\/wp-content\/uploads\/2022\/04\/talent-1-def.svg\u00bb title_text=\u00bbtalent-1-def\u00bb module_class=\u00bbbola_home\u00bb _builder_version=\u00bb4.16.0&#8243; _module_preset=\u00bbdefault\u00bb transform_scale=\u00bb118%|118%\u00bb global_colors_info=\u00bb{}\u00bb][\/et_pb_image][\/et_pb_column][\/et_pb_row][\/et_pb_section]<\/p>\n","protected":false},"excerpt":{"rendered":"<p>[et_pb_section fb_built=\u00bb1&#8243; _builder_version=\u00bb4.27.4&#8243; _module_preset=\u00bbdefault\u00bb background_image=\u00bbhttps:\/\/www.talent.barcelona\/wp-content\/uploads\/2022\/04\/music-stand-up.svg\u00bb background_size=\u00bbcustom\u00bb background_image_height=\u00bb35px\u00bb background_repeat=\u00bbrepeat-x\u00bb custom_margin=\u00bb0px||0px||false|false\u00bb custom_padding=\u00bb0px||0px||false|false\u00bb hover_enabled=\u00bb0&#8243; global_colors_info=\u00bb{}\u00bb disabled_on=\u00bbon|on|on\u00bb disabled=\u00bbon\u00bb sticky_enabled=\u00bb0&#8243;][et_pb_row _builder_version=\u00bb4.16&#8243; _module_preset=\u00bbdefault\u00bb global_colors_info=\u00bb{}\u00bb][et_pb_column type=\u00bb4_4&#8243; _builder_version=\u00bb4.16&#8243; _module_preset=\u00bbdefault\u00bb global_colors_info=\u00bb{}\u00bb][et_pb_code _builder_version=\u00bb4.16&#8243; _module_preset=\u00bbdefault\u00bb global_colors_info=\u00bb{}\u00bb]\u00a0[\/et_pb_code][\/et_pb_column][\/et_pb_row][\/et_pb_section][et_pb_section fb_built=\u00bb1&#8243; admin_label=\u00bbsection\u00bb _builder_version=\u00bb4.16&#8243; custom_margin=\u00bb0px||0px||false|false\u00bb custom_padding=\u00bb0px||0px||false|false\u00bb global_colors_info=\u00bb{}\u00bb][et_pb_row column_structure=\u00bb2_5,3_5&#8243; use_custom_gutter=\u00bbon\u00bb gutter_width=\u00bb1&#8243; make_equal=\u00bbon\u00bb disabled_on=\u00bboff|off|off\u00bb admin_label=\u00bbrow\u00bb _builder_version=\u00bb4.16.0&#8243; background_size=\u00bbinitial\u00bb background_position=\u00bbtop_left\u00bb background_repeat=\u00bbrepeat\u00bb width=\u00bb100%\u00bb max_width=\u00bb100%\u00bb custom_margin=\u00bb0px||0px||false|false\u00bb custom_padding=\u00bb0px||0px||false|false\u00bb global_colors_info=\u00bb{}\u00bb][et_pb_column type=\u00bb2_5&#8243; disabled_on=\u00bbon|on|off\u00bb _builder_version=\u00bb4.16.0&#8243; custom_padding=\u00bb50px||||false|false\u00bb global_colors_info=\u00bb{}\u00bb custom_padding__hover=\u00bb|||\u00bb][et_pb_text admin_label=\u00bbText\u00bb _builder_version=\u00bb4.16.0&#8243; header_font_size=\u00bb50px\u00bb [&hellip;]<\/p>\n","protected":false},"author":1,"featured_media":0,"parent":0,"menu_order":0,"comment_status":"closed","ping_status":"open","template":"","meta":{"_acf_changed":false,"_et_pb_use_builder":"on","_et_pb_old_content":"<!-- wp:paragraph -->\r\n<p>Aquest \u00e9s una p\u00e0gina d'exemple. \u00c9s diferent d'una entrada del blog perqu\u00e8 es mantindr\u00e0 en un lloc i apareixer\u00e0 a la navegaci\u00f3 del lloc (a la majoria de temes). Molta gent comen\u00e7a amb la p\u00e0gina \u00abQuant a\u00bb, que els presenta als potencials visitants del lloc web. Podria dir alguna cosa aix\u00ed:<\/p>\r\n<!-- \/wp:paragraph -->\r\n\r\n<!-- wp:quote -->\r\n<blockquote class=\"wp-block-quote\"><p>Hola! S\u00f3c un missatger amb bicicleta de dia, aspirant a actor de nit i aquesta \u00e9s la meva web. Visc a Los Angeles, tinc un gran gos de nom Pep i m'agrada la pinya colada. (I em pillar\u00e0 la pluja.)<\/p><\/blockquote>\r\n<!-- \/wp:quote -->\r\n\r\n<!-- wp:paragraph -->\r\n<p>... o alguna cosa aix\u00ed:<\/p>\r\n<!-- \/wp:paragraph -->\r\n\r\n<!-- wp:quote -->\r\n<blockquote class=\"wp-block-quote\"><p>La companyia Aparells XYZ es va crear el 1971, i ha estat proporcionant aparells de qualitat al p\u00fablic des de llavors. Ubicada a Gotham City, XYZ d\u00f3na treball a m\u00e9s de 2.000 persones i fa tota mena d'accions meravelloses per a la comunitat de Gotham.<\/p><\/blockquote>\r\n<!-- \/wp:quote -->\r\n\r\n<!-- wp:paragraph -->\r\n<p>Com a usuari nou del WordPress, haur\u00edeu d'anar al <a href=\"https:\/\/www.talent.barcelona\/wp-admin\/\">tauler<\/a> per a suprimir aquesta p\u00e0gina i crear p\u00e0gines noves de contingut. Divertiu-vos!<\/p>\r\n<!-- \/wp:paragraph -->","_et_gb_content_width":"","footnotes":""},"class_list":["post-438","page","type-page","status-publish","hentry"],"acf":[],"yoast_head":"<!-- This site is optimized with the Yoast SEO plugin v27.4 - https:\/\/yoast.com\/product\/yoast-seo-wordpress\/ -->\n<title>Inicio - TALENT<\/title>\n<meta name=\"robots\" content=\"index, follow, max-snippet:-1, max-image-preview:large, max-video-preview:-1\" \/>\n<link rel=\"canonical\" href=\"https:\/\/www.talent.barcelona\/es\/\" \/>\n<meta property=\"og:locale\" content=\"es_ES\" \/>\n<meta property=\"og:type\" content=\"article\" \/>\n<meta property=\"og:title\" content=\"Inicio - TALENT\" \/>\n<meta property=\"og:description\" content=\"[et_pb_section fb_built=\u00bb1&#8243; _builder_version=\u00bb4.27.4&#8243; _module_preset=\u00bbdefault\u00bb background_image=\u00bbhttps:\/\/www.talent.barcelona\/wp-content\/uploads\/2022\/04\/music-stand-up.svg\u00bb background_size=\u00bbcustom\u00bb background_image_height=\u00bb35px\u00bb background_repeat=\u00bbrepeat-x\u00bb custom_margin=\u00bb0px||0px||false|false\u00bb custom_padding=\u00bb0px||0px||false|false\u00bb hover_enabled=\u00bb0&#8243; global_colors_info=\u00bb{}\u00bb disabled_on=\u00bbon|on|on\u00bb disabled=\u00bbon\u00bb sticky_enabled=\u00bb0&#8243;][et_pb_row _builder_version=\u00bb4.16&#8243; _module_preset=\u00bbdefault\u00bb global_colors_info=\u00bb{}\u00bb][et_pb_column type=\u00bb4_4&#8243; _builder_version=\u00bb4.16&#8243; _module_preset=\u00bbdefault\u00bb global_colors_info=\u00bb{}\u00bb][et_pb_code _builder_version=\u00bb4.16&#8243; _module_preset=\u00bbdefault\u00bb global_colors_info=\u00bb{}\u00bb]\u00a0[\/et_pb_code][\/et_pb_column][\/et_pb_row][\/et_pb_section][et_pb_section fb_built=\u00bb1&#8243; admin_label=\u00bbsection\u00bb _builder_version=\u00bb4.16&#8243; custom_margin=\u00bb0px||0px||false|false\u00bb custom_padding=\u00bb0px||0px||false|false\u00bb global_colors_info=\u00bb{}\u00bb][et_pb_row column_structure=\u00bb2_5,3_5&#8243; use_custom_gutter=\u00bbon\u00bb gutter_width=\u00bb1&#8243; make_equal=\u00bbon\u00bb disabled_on=\u00bboff|off|off\u00bb admin_label=\u00bbrow\u00bb _builder_version=\u00bb4.16.0&#8243; background_size=\u00bbinitial\u00bb background_position=\u00bbtop_left\u00bb background_repeat=\u00bbrepeat\u00bb width=\u00bb100%\u00bb max_width=\u00bb100%\u00bb custom_margin=\u00bb0px||0px||false|false\u00bb custom_padding=\u00bb0px||0px||false|false\u00bb global_colors_info=\u00bb{}\u00bb][et_pb_column type=\u00bb2_5&#8243; disabled_on=\u00bbon|on|off\u00bb _builder_version=\u00bb4.16.0&#8243; custom_padding=\u00bb50px||||false|false\u00bb global_colors_info=\u00bb{}\u00bb custom_padding__hover=\u00bb|||\u00bb][et_pb_text admin_label=\u00bbText\u00bb _builder_version=\u00bb4.16.0&#8243; header_font_size=\u00bb50px\u00bb [&hellip;]\" \/>\n<meta property=\"og:url\" content=\"https:\/\/www.talent.barcelona\/es\/\" \/>\n<meta property=\"og:site_name\" content=\"TALENT\" \/>\n<meta property=\"article:modified_time\" content=\"2025-01-31T08:18:41+00:00\" \/>\n<meta name=\"twitter:card\" content=\"summary_large_image\" \/>\n<meta name=\"twitter:label1\" content=\"Tiempo de lectura\" \/>\n\t<meta name=\"twitter:data1\" content=\"1 minuto\" \/>\n<script type=\"application\/ld+json\" class=\"yoast-schema-graph\">{\"@context\":\"https:\\\/\\\/schema.org\",\"@graph\":[{\"@type\":\"WebPage\",\"@id\":\"https:\\\/\\\/www.talent.barcelona\\\/es\\\/\",\"url\":\"https:\\\/\\\/www.talent.barcelona\\\/es\\\/\",\"name\":\"Inicio - TALENT\",\"isPartOf\":{\"@id\":\"https:\\\/\\\/www.talent.barcelona\\\/#website\"},\"datePublished\":\"2022-03-19T10:09:25+00:00\",\"dateModified\":\"2025-01-31T08:18:41+00:00\",\"breadcrumb\":{\"@id\":\"https:\\\/\\\/www.talent.barcelona\\\/es\\\/#breadcrumb\"},\"inLanguage\":\"es\",\"potentialAction\":[{\"@type\":\"ReadAction\",\"target\":[\"https:\\\/\\\/www.talent.barcelona\\\/es\\\/\"]}]},{\"@type\":\"BreadcrumbList\",\"@id\":\"https:\\\/\\\/www.talent.barcelona\\\/es\\\/#breadcrumb\",\"itemListElement\":[{\"@type\":\"ListItem\",\"position\":1,\"name\":\"Inici\",\"item\":\"https:\\\/\\\/www.talent.barcelona\\\/es\\\/\"},{\"@type\":\"ListItem\",\"position\":2,\"name\":\"Inicio\"}]},{\"@type\":\"WebSite\",\"@id\":\"https:\\\/\\\/www.talent.barcelona\\\/#website\",\"url\":\"https:\\\/\\\/www.talent.barcelona\\\/\",\"name\":\"TALENT\",\"description\":\"REPRESENTACI\u00d3 I PROMOCI\u00d3 D\u2019ARTISTES\",\"potentialAction\":[{\"@type\":\"SearchAction\",\"target\":{\"@type\":\"EntryPoint\",\"urlTemplate\":\"https:\\\/\\\/www.talent.barcelona\\\/?s={search_term_string}\"},\"query-input\":{\"@type\":\"PropertyValueSpecification\",\"valueRequired\":true,\"valueName\":\"search_term_string\"}}],\"inLanguage\":\"es\"}]}<\/script>\n<!-- \/ Yoast SEO plugin. -->","yoast_head_json":{"title":"Inicio - TALENT","robots":{"index":"index","follow":"follow","max-snippet":"max-snippet:-1","max-image-preview":"max-image-preview:large","max-video-preview":"max-video-preview:-1"},"canonical":"https:\/\/www.talent.barcelona\/es\/","og_locale":"es_ES","og_type":"article","og_title":"Inicio - TALENT","og_description":"[et_pb_section fb_built=\u00bb1&#8243; _builder_version=\u00bb4.27.4&#8243; _module_preset=\u00bbdefault\u00bb background_image=\u00bbhttps:\/\/www.talent.barcelona\/wp-content\/uploads\/2022\/04\/music-stand-up.svg\u00bb background_size=\u00bbcustom\u00bb background_image_height=\u00bb35px\u00bb background_repeat=\u00bbrepeat-x\u00bb custom_margin=\u00bb0px||0px||false|false\u00bb custom_padding=\u00bb0px||0px||false|false\u00bb hover_enabled=\u00bb0&#8243; global_colors_info=\u00bb{}\u00bb disabled_on=\u00bbon|on|on\u00bb disabled=\u00bbon\u00bb sticky_enabled=\u00bb0&#8243;][et_pb_row _builder_version=\u00bb4.16&#8243; _module_preset=\u00bbdefault\u00bb global_colors_info=\u00bb{}\u00bb][et_pb_column type=\u00bb4_4&#8243; _builder_version=\u00bb4.16&#8243; _module_preset=\u00bbdefault\u00bb global_colors_info=\u00bb{}\u00bb][et_pb_code _builder_version=\u00bb4.16&#8243; _module_preset=\u00bbdefault\u00bb global_colors_info=\u00bb{}\u00bb]\u00a0[\/et_pb_code][\/et_pb_column][\/et_pb_row][\/et_pb_section][et_pb_section fb_built=\u00bb1&#8243; admin_label=\u00bbsection\u00bb _builder_version=\u00bb4.16&#8243; custom_margin=\u00bb0px||0px||false|false\u00bb custom_padding=\u00bb0px||0px||false|false\u00bb global_colors_info=\u00bb{}\u00bb][et_pb_row column_structure=\u00bb2_5,3_5&#8243; use_custom_gutter=\u00bbon\u00bb gutter_width=\u00bb1&#8243; make_equal=\u00bbon\u00bb disabled_on=\u00bboff|off|off\u00bb admin_label=\u00bbrow\u00bb _builder_version=\u00bb4.16.0&#8243; background_size=\u00bbinitial\u00bb background_position=\u00bbtop_left\u00bb background_repeat=\u00bbrepeat\u00bb width=\u00bb100%\u00bb max_width=\u00bb100%\u00bb custom_margin=\u00bb0px||0px||false|false\u00bb custom_padding=\u00bb0px||0px||false|false\u00bb global_colors_info=\u00bb{}\u00bb][et_pb_column type=\u00bb2_5&#8243; disabled_on=\u00bbon|on|off\u00bb _builder_version=\u00bb4.16.0&#8243; custom_padding=\u00bb50px||||false|false\u00bb global_colors_info=\u00bb{}\u00bb custom_padding__hover=\u00bb|||\u00bb][et_pb_text admin_label=\u00bbText\u00bb _builder_version=\u00bb4.16.0&#8243; header_font_size=\u00bb50px\u00bb [&hellip;]","og_url":"https:\/\/www.talent.barcelona\/es\/","og_site_name":"TALENT","article_modified_time":"2025-01-31T08:18:41+00:00","twitter_card":"summary_large_image","twitter_misc":{"Tiempo de lectura":"1 minuto"},"schema":{"@context":"https:\/\/schema.org","@graph":[{"@type":"WebPage","@id":"https:\/\/www.talent.barcelona\/es\/","url":"https:\/\/www.talent.barcelona\/es\/","name":"Inicio - TALENT","isPartOf":{"@id":"https:\/\/www.talent.barcelona\/#website"},"datePublished":"2022-03-19T10:09:25+00:00","dateModified":"2025-01-31T08:18:41+00:00","breadcrumb":{"@id":"https:\/\/www.talent.barcelona\/es\/#breadcrumb"},"inLanguage":"es","potentialAction":[{"@type":"ReadAction","target":["https:\/\/www.talent.barcelona\/es\/"]}]},{"@type":"BreadcrumbList","@id":"https:\/\/www.talent.barcelona\/es\/#breadcrumb","itemListElement":[{"@type":"ListItem","position":1,"name":"Inici","item":"https:\/\/www.talent.barcelona\/es\/"},{"@type":"ListItem","position":2,"name":"Inicio"}]},{"@type":"WebSite","@id":"https:\/\/www.talent.barcelona\/#website","url":"https:\/\/www.talent.barcelona\/","name":"TALENT","description":"REPRESENTACI\u00d3 I PROMOCI\u00d3 D\u2019ARTISTES","potentialAction":[{"@type":"SearchAction","target":{"@type":"EntryPoint","urlTemplate":"https:\/\/www.talent.barcelona\/?s={search_term_string}"},"query-input":{"@type":"PropertyValueSpecification","valueRequired":true,"valueName":"search_term_string"}}],"inLanguage":"es"}]}},"_links":{"self":[{"href":"https:\/\/www.talent.barcelona\/es\/wp-json\/wp\/v2\/pages\/438","targetHints":{"allow":["GET"]}}],"collection":[{"href":"https:\/\/www.talent.barcelona\/es\/wp-json\/wp\/v2\/pages"}],"about":[{"href":"https:\/\/www.talent.barcelona\/es\/wp-json\/wp\/v2\/types\/page"}],"author":[{"embeddable":true,"href":"https:\/\/www.talent.barcelona\/es\/wp-json\/wp\/v2\/users\/1"}],"replies":[{"embeddable":true,"href":"https:\/\/www.talent.barcelona\/es\/wp-json\/wp\/v2\/comments?post=438"}],"version-history":[{"count":12,"href":"https:\/\/www.talent.barcelona\/es\/wp-json\/wp\/v2\/pages\/438\/revisions"}],"predecessor-version":[{"id":2831,"href":"https:\/\/www.talent.barcelona\/es\/wp-json\/wp\/v2\/pages\/438\/revisions\/2831"}],"wp:attachment":[{"href":"https:\/\/www.talent.barcelona\/es\/wp-json\/wp\/v2\/media?parent=438"}],"curies":[{"name":"wp","href":"https:\/\/api.w.org\/{rel}","templated":true}]}}